{"id":51,"date":"2024-11-23T18:57:54","date_gmt":"2024-11-23T18:57:54","guid":{"rendered":"https:\/\/gruene-gernsheim.de\/?page_id=51"},"modified":"2025-10-24T12:42:53","modified_gmt":"2025-10-24T12:42:53","slug":"presse","status":"publish","type":"page","link":"https:\/\/gruene-gernsheim.de\/?page_id=51","title":{"rendered":"Presse"},"content":{"rendered":"\n<p><a href=\"https:\/\/www.echo-online.de\/lokales\/kreis-gross-gerau\/gernsheim\/feuerwehr-neubau-gernsheim-wird-um-rettungsstation-erweitert-5072694\">Feuerwehr-Neubau Gernsheim wird um Rettungsstation erweitert<\/a><\/p>\n\n\n\n<figure class=\"wp-block-image size-large\"><img loading=\"lazy\" decoding=\"async\" width=\"800\" height=\"400\" src=\"https:\/\/gruene-gernsheim.de\/wp-content\/uploads\/2025\/10\/image-2-800x400.png\" alt=\"\" class=\"wp-image-270\" srcset=\"https:\/\/gruene-gernsheim.de\/wp-content\/uploads\/2025\/10\/image-2-800x400.png 800w, https:\/\/gruene-gernsheim.de\/wp-content\/uploads\/2025\/10\/image-2-400x200.png 400w, https:\/\/gruene-gernsheim.de\/wp-content\/uploads\/2025\/10\/image-2-768x384.png 768w, https:\/\/gruene-gernsheim.de\/wp-content\/uploads\/2025\/10\/image-2-150x75.png 150w, https:\/\/gruene-gernsheim.de\/wp-content\/uploads\/2025\/10\/image-2.png 960w\" sizes=\"auto, (max-width: 800px) 100vw, 800px\" \/><\/figure>\n\n\n\n<p><a href=\"https:\/\/www.echo-online.de\/lokales\/kreis-gross-gerau\/gernsheim\/glasfaserausbau-in-gernsheim-soll-im-fruehjahr-2026-starten-5088405\">Glasfaserausbau in Gernsheim soll im Fr\u00fchjahr 2026 starten<\/a><\/p>\n\n\n\n<figure class=\"wp-block-image size-large\"><img loading=\"lazy\" decoding=\"async\" width=\"800\" height=\"400\" src=\"https:\/\/gruene-gernsheim.de\/wp-content\/uploads\/2025\/10\/image-1-800x400.png\" alt=\"\" class=\"wp-image-267\" srcset=\"https:\/\/gruene-gernsheim.de\/wp-content\/uploads\/2025\/10\/image-1-800x400.png 800w, https:\/\/gruene-gernsheim.de\/wp-content\/uploads\/2025\/10\/image-1-400x200.png 400w, https:\/\/gruene-gernsheim.de\/wp-content\/uploads\/2025\/10\/image-1-768x384.png 768w, https:\/\/gruene-gernsheim.de\/wp-content\/uploads\/2025\/10\/image-1-150x75.png 150w, https:\/\/gruene-gernsheim.de\/wp-content\/uploads\/2025\/10\/image-1.png 960w\" sizes=\"auto, (max-width: 800px) 100vw, 800px\" \/><\/figure>\n\n\n\n<p><a href=\"https:\/\/www.echo-online.de\/lokales\/kreis-gross-gerau\/gernsheim\/gernsheim-der-sportpark-soll-ein-neues-gesicht-erhalten-5072667\">Gernsheim: Der Sportpark soll ein neues Gesicht erhalten<\/a><\/p>\n\n\n\n<figure class=\"wp-block-image size-large\"><img loading=\"lazy\" decoding=\"async\" width=\"800\" height=\"400\" src=\"https:\/\/gruene-gernsheim.de\/wp-content\/uploads\/2025\/10\/image-800x400.png\" alt=\"\" class=\"wp-image-266\" srcset=\"https:\/\/gruene-gernsheim.de\/wp-content\/uploads\/2025\/10\/image-800x400.png 800w, https:\/\/gruene-gernsheim.de\/wp-content\/uploads\/2025\/10\/image-400x200.png 400w, https:\/\/gruene-gernsheim.de\/wp-content\/uploads\/2025\/10\/image-768x384.png 768w, https:\/\/gruene-gernsheim.de\/wp-content\/uploads\/2025\/10\/image-150x75.png 150w, https:\/\/gruene-gernsheim.de\/wp-content\/uploads\/2025\/10\/image.png 960w\" sizes=\"auto, (max-width: 800px) 100vw, 800px\" \/><\/figure>\n\n\n\n<p><a href=\"https:\/\/www.echo-online.de\/lokales\/kreis-gross-gerau\/gernsheim\/gernsheim-haushalt-2026-fluxum-und-rettungswache-5073839\">Gernsheim: Haushalt 2026, Fluxum und Rettungswache<\/a><\/p>\n\n\n\n<figure class=\"wp-block-image size-large\"><img decoding=\"async\" src=\"https:\/\/img.echo-online.de\/lokales\/kreis-gross-gerau\/gernsheim\/9c95mr-Gernsheim-Fluxum-Archivfoto-Robert-Heiler\/alternates\/LANDSCAPE_740\/Gernsheim%20Fluxum%20Archivfoto%20Robert%20Heiler.webp\" alt=\"\"\/><\/figure>\n\n\n\n<p><a href=\"https:\/\/www.echo-online.de\/lokales\/kreis-gross-gerau\/gernsheim\/zwei-digitale-schwarze-bretter-fuer-gernsheims-ortseingaenge-5052289\" target=\"_blank\" rel=\"noreferrer noopener\">Zwei digitale Schwarze Bretter f\u00fcr Gernsheims Ortseing\u00e4nge<\/a><\/p>\n\n\n\n<figure class=\"wp-block-image size-large\"><img decoding=\"async\" src=\"https:\/\/img.echo-online.de\/incoming\/wh6uuo-digitale-schwarze-bretter-fuer-gernsheim\/alternates\/LANDSCAPE_740\/digitale%20schwarze%20bretter%20fuer%20gernsheim.webp\" alt=\"\"\/><\/figure>\n\n\n\n<p><a href=\"https:\/\/www.echo-online.de\/lokales\/kreis-gross-gerau\/gernsheim\/wie-es-mit-dem-gernsheimer-wald-weitergeht-5047658\" target=\"_blank\" rel=\"noreferrer noopener\">Wie es mit dem Gernsheimer Wald weitergeht<\/a><\/p>\n\n\n\n<figure class=\"wp-block-image size-large\"><img decoding=\"async\" src=\"https:\/\/img.echo-online.de\/incoming\/11u2im-file7qwi99b1ta01h2gh2u5g.jpg\/alternates\/LANDSCAPE_740\/file7qwi99b1ta01h2gh2u5g.jpg.webp\" alt=\"\"\/><\/figure>\n\n\n\n<p><a href=\"https:\/\/www.echo-online.de\/lokales\/kreis-gross-gerau\/gernsheim\/gernsheim-brand-in-recyclingbetrieb-schnell-geloescht-5043161\" target=\"_blank\" rel=\"noreferrer noopener\">Brand in Recyclingbetrieb schnell gel\u00f6scht<\/a><\/p>\n\n\n\n<figure class=\"wp-block-image size-large\"><img decoding=\"async\" src=\"https:\/\/img.echo-online.de\/lokales\/kreis-gross-gerau\/gernsheim\/x617lc-muell-meilo.jpg\/alternates\/LANDSCAPE_740\/muell%20meilo.jpg.webp\" alt=\"\"\/><\/figure>\n\n\n\n<p><a href=\"https:\/\/www.echo-online.de\/lokales\/kreis-gross-gerau\/gernsheim\/taxifahren-in-gernsheim-wird-teurer-5025973\" data-type=\"link\" data-id=\"https:\/\/www.echo-online.de\/lokales\/kreis-gross-gerau\/gernsheim\/taxifahren-in-gernsheim-wird-teurer-5025973\" target=\"_blank\" rel=\"noreferrer noopener\">Taxifahren in Gernsheim wird teurer<\/a><\/p>\n\n\n\n<figure class=\"wp-block-image size-large\"><img decoding=\"async\" src=\"https:\/\/img.echo-online.de\/lokales\/rheinland-pfalz\/dkahmi-taxischild\/alternates\/LANDSCAPE_740\/taxischild.webp\" alt=\"\"\/><\/figure>\n\n\n\n<p><\/p>\n\n\n\n<p><a href=\"https:\/\/www.echo-online.de\/lokales\/kreis-gross-gerau\/gernsheim\/gernsheim-verwirft-die-tiny-forest-idee-4995144\" target=\"_blank\" rel=\"noreferrer noopener\">Gernsheim verwirft die \u201eTiny Forest\u201c-Idee<\/a><\/p>\n\n\n\n<figure class=\"wp-block-image size-large\"><img decoding=\"async\" src=\"https:\/\/img.echo-online.de\/lokales\/darmstadt\/zcgb5d-tiny-forestmai2024nahaufnahme.jpg\/alternates\/LANDSCAPE_740\/tiny%20forestmai2024nahaufnahme.jpg.webp\" alt=\"\"\/><\/figure>\n\n\n\n<p><\/p>\n\n\n\n<hr class=\"wp-block-separator has-alpha-channel-opacity\"\/>\n\n\n\n<p><a href=\"https:\/\/www.echo-online.de\/lokales\/kreis-gross-gerau\/gernsheim\/gernsheimer-wasserwerk-neuer-brunnen-sichert-versorgung-4787588\" target=\"_blank\" rel=\"noreferrer noopener\">Gernsheimer Wasserwerk: Neuer Brunnen sichert Versorgung<\/a><\/p>\n\n\n\n<figure class=\"wp-block-image size-large is-resized\"><img loading=\"lazy\" decoding=\"async\" width=\"800\" height=\"400\" src=\"https:\/\/gruene-gernsheim.de\/wp-content\/uploads\/2025\/07\/image-1-800x400.png\" alt=\"\" class=\"wp-image-233\" style=\"width:504px;height:auto\" srcset=\"https:\/\/gruene-gernsheim.de\/wp-content\/uploads\/2025\/07\/image-1-800x400.png 800w, https:\/\/gruene-gernsheim.de\/wp-content\/uploads\/2025\/07\/image-1-400x200.png 400w, https:\/\/gruene-gernsheim.de\/wp-content\/uploads\/2025\/07\/image-1-768x384.png 768w, https:\/\/gruene-gernsheim.de\/wp-content\/uploads\/2025\/07\/image-1-150x75.png 150w, https:\/\/gruene-gernsheim.de\/wp-content\/uploads\/2025\/07\/image-1.png 960w\" sizes=\"auto, (max-width: 800px) 100vw, 800px\" \/><\/figure>\n\n\n\n<hr class=\"wp-block-separator has-alpha-channel-opacity\"\/>\n\n\n\n<p><a href=\"https:\/\/www.echo-online.de\/lokales\/kreis-gross-gerau\/gernsheim\/splittergranate-an-gernsheimer-badesee-gefunden-4755704\" target=\"_blank\" rel=\"noreferrer noopener\">Splittergranate an Gernsheimer Badesee gefunden<\/a><\/p>\n\n\n\n<figure class=\"wp-block-image size-large is-resized\"><img loading=\"lazy\" decoding=\"async\" width=\"800\" height=\"534\" src=\"https:\/\/gruene-gernsheim.de\/wp-content\/uploads\/2025\/07\/image-800x534.png\" alt=\"\" class=\"wp-image-229\" style=\"width:499px;height:auto\" srcset=\"https:\/\/gruene-gernsheim.de\/wp-content\/uploads\/2025\/07\/image-800x534.png 800w, https:\/\/gruene-gernsheim.de\/wp-content\/uploads\/2025\/07\/image-400x267.png 400w, https:\/\/gruene-gernsheim.de\/wp-content\/uploads\/2025\/07\/image-768x512.png 768w, https:\/\/gruene-gernsheim.de\/wp-content\/uploads\/2025\/07\/image-150x100.png 150w, https:\/\/gruene-gernsheim.de\/wp-content\/uploads\/2025\/07\/image.png 1480w\" sizes=\"auto, (max-width: 800px) 100vw, 800px\" \/><\/figure>\n\n\n\n<p><br><a href=\"https:\/\/www.echo-online.de\/lokales\/kreis-gross-gerau\/gernsheim\/asiatische-hornisse-bedroht-bienenvoelker-und-obstanbau-4316661\">Asiatische Hornisse bedroht Bienenv\u00f6lker und Obstanbau<\/a> (Paywall)<\/p>\n\n\n\n<figure class=\"wp-block-image\"><img decoding=\"async\" src=\"https:\/\/img.echo-online.de\/lokales\/lahn-dill-kreis\/wetzlar\/1vb5gk-asiatische-hornissen\/alternates\/LANDSCAPE_480\/asiatische%20hornissen\" alt=\"Die Asiatische Hornisse kann als invasive Art sowohl der heimischen Flora und Fauna als auch dem Menschen Schaden zuf\u00fcgen (Symbolfoto)\"\/><\/figure>\n\n\n\n<hr class=\"wp-block-separator has-alpha-channel-opacity\"\/>\n\n\n\n<p><a href=\"https:\/\/www.echo-online.de\/lokales\/kreis-gross-gerau\/gernsheim\/gernsheim-kontroverse-um-geplanten-praeventionsrat-4315353\">Gernsheim: Kontroverse um geplanten Pr\u00e4ventionsrat<\/a> (Paywall)<\/p>\n\n\n\n<figure class=\"wp-block-image\"><img decoding=\"async\" src=\"https:\/\/img.echo-online.de\/incoming\/la93qy-hauptausschuss-gernsheim\/alternates\/LANDSCAPE_480\/hauptausschuss%20gernsheim\" alt=\"Ein noch zu bildender Pr\u00e4ventionsrat soll dazu beitragen, dass die Stadt Gernsheim das &quot;Kompass&quot;-Sicherheitssiegel verliehen bekommt. Hier eine Aufnahme von der Polizeistation in der Darmst\u00e4dter Stra\u00dfe.\"\/><\/figure>\n\n\n\n<hr class=\"wp-block-separator has-alpha-channel-opacity\"\/>\n\n\n\n<p><a href=\"https:\/\/www.echo-online.de\/lokales\/kreis-gross-gerau\/gernsheim\/gernsheimer-solarfirma-gehoert-bundesweit-zu-top-adressen-4292986\">Gernsheimer Solarfirma geh\u00f6rt bundesweit zu Top-Adressen<\/a> (Paywall)<\/p>\n\n\n\n<hr class=\"wp-block-separator has-alpha-channel-opacity\"\/>\n\n\n\n<p><a href=\"https:\/\/www.echo-online.de\/lokales\/kreis-gross-gerau\/gernsheim\/herausforderungen-fuer-bauern-durch-wolf-und-klimawandel-4293003\">Herausforderungen f\u00fcr Bauern durch Wolf und Klimawandel<\/a> (Paywall)<\/p>\n\n\n\n<figure class=\"wp-block-image\"><img decoding=\"async\" src=\"https:\/\/img.echo-online.de\/lokales\/kreis-gross-gerau\/gernsheim\/ykyjda-landwirtschaftliche-woche-im-zeichen-des-klimawandels\/alternates\/LANDSCAPE_480\/landwirtschaftliche%20woche%20im%20zeichen%20des%20klimawandels\" alt=\"Der Klimawandel l\u00e4sst einerseits Kulturen wie in diesem Folientunnel bei Allmendfeld fr\u00fcher reifen. F\u00fcr die Landwirte bringt er auch neue Herausforderungen durch mehr Trockenheit und neue Sch\u00e4dlinge.\"\/><\/figure>\n\n\n\n<hr class=\"wp-block-separator has-alpha-channel-opacity\"\/>\n\n\n\n<p><a href=\"https:\/\/www.echo-online.de\/lokales\/kreis-gross-gerau\/gernsheim\/klima-rheinkino-und-sicherheit-in-gernsheim-4321997\">Klima, Rheinkino und Sicherheit in Gernsheim<\/a><\/p>\n\n\n\n<figure class=\"wp-block-image\"><img decoding=\"async\" src=\"https:\/\/img.echo-online.de\/lokales\/kreis-gross-gerau\/gernsheim\/jezn0u-40424933\/alternates\/LANDSCAPE_480\/40424933\" alt=\"Derzeit verf\u00e4llt das sogenannte Rheinkino an der Rheinstra\u00dfe 6 in Gernsheim. \"\/><\/figure>\n\n\n\n<hr class=\"wp-block-separator has-alpha-channel-opacity\"\/>\n\n\n\n<p><a href=\"https:\/\/www.echo-online.de\/lokales\/kreis-gross-gerau\/gernsheim\/gernsheim-feuerwehr-als-groesstes-projekt-seit-jahrzehnten-4292945\">Gernsheim: Feuerwehr als gr\u00f6\u00dftes Projekt seit Jahrzehnten<\/a> (Paywall)<\/p>\n\n\n\n<figure class=\"wp-block-image\"><img decoding=\"async\" src=\"https:\/\/img.echo-online.de\/lokales\/kreis-gross-gerau\/gernsheim\/jr3lyr-was-gernsheim-2025-bewegt\/alternates\/LANDSCAPE_480\/was%20gernsheim%202025%20bewegt\" alt=\"Gernsheims B\u00fcrgermeister Peter Burger (CDU) schaut mit Zuversicht auf das Jahr 2025. Er erl\u00e4utert, welche Projekte anstehen und was 2024 erledigt wurde.\"\/><\/figure>\n\n\n\n<hr class=\"wp-block-separator has-alpha-channel-opacity\"\/>\n\n\n\n<p><a href=\"https:\/\/www.echo-online.de\/lokales\/kreis-gross-gerau\/gernsheim\/wie-laesst-sich-gernsheim-klimagerecht-begruenen-4316626\">Wie l\u00e4sst sich Gernsheim klimagerecht begr\u00fcnen?<\/a> (Paywall)<\/p>\n\n\n\n<figure class=\"wp-block-image\"><img decoding=\"async\" src=\"https:\/\/img.echo-online.de\/lokales\/kreis-gross-gerau\/gernsheim\/3idldy-gernsheim-klimathemen-beschaeftigen-umweltausschuss-28012025\/alternates\/LANDSCAPE_480\/gernsheim%20klimathemen%20beschaeftigen%20umweltausschuss%2028012025\" alt=\"Wegen versiegelten Fl\u00e4chen heizt sich die Stadt Gernsheim im Sommer zusehends auf (hier die Magdalenenstra\u00dfe).\"\/><\/figure>\n\n\n\n<hr class=\"wp-block-separator has-alpha-channel-opacity\"\/>\n\n\n\n<p><a href=\"https:\/\/www.echo-online.de\/lokales\/kreis-gross-gerau\/gernsheim\/umgestaltung-des-gernsheimer-verkehrsgartens-ist-beendet-4335314\">Umgestaltung des Gernsheimer Verkehrsgartens ist beendet<\/a> (Paywall)<\/p>\n\n\n\n<figure class=\"wp-block-image\"><img decoding=\"async\" src=\"https:\/\/img.echo-online.de\/lokales\/kreis-gross-gerau\/gernsheim\/rz7t03-verkehrsgarten-archiv.jpg-29012025\/alternates\/LANDSCAPE_480\/verkehrsgarten%20archiv.jpg%2029012025\" alt=\"Der Verkehrsgarten (Archivfoto) war in den vergangenen Jahren wegen starker Senkungen unbenutzbar.\"\/><\/figure>\n\n\n\n<hr class=\"wp-block-separator has-alpha-channel-opacity\"\/>\n\n\n\n<p><a href=\"https:\/\/www.echo-online.de\/lokales\/kreis-gross-gerau\/gernsheim\/brand-in-gernsheimer-lagerhalle-schnell-geloescht-4336092\">Brand in Gernsheimer Lagerhalle schnell gel\u00f6scht<\/a><\/p>\n\n\n\n<figure class=\"wp-block-image\"><img decoding=\"async\" src=\"https:\/\/img.echo-online.de\/lokales\/kreis-gross-gerau\/gernsheim\/fzcq25-gernsheim-lagerhalle-feuerwehr\/alternates\/LANDSCAPE_480\/gernsheim%20lagerhalle%20feuerwehr\" alt=\"In Gernsheim hat es am Dienstag in einer leerstehenden Lagerhalle gebrannt. \"\/><\/figure>\n\n\n\n<hr class=\"wp-block-separator has-alpha-channel-opacity\"\/>\n\n\n\n<p><a href=\"https:\/\/www.echo-online.de\/lokales\/kreis-gross-gerau\/gernsheim\/wie-es-um-die-nachhaltigkeit-auf-bauernhoefen-steht-4316634\">Wie es um die Nachhaltigkeit auf S\u00fcdhessens Bauernh\u00f6fen steht<\/a> (Paywall)<\/p>\n\n\n\n<figure class=\"wp-block-image\"><img decoding=\"async\" src=\"https:\/\/img.echo-online.de\/lokales\/kreis-giessen\/landkreis-giessen\/i2bk9l-CON_552601867_M\/alternates\/LANDSCAPE_480\/CON_552601867_M\" alt=\"Nachhaltigkeit auf Bauernh\u00e4fen in S\u00fcdhessen: Bei der Milchkuhhaltung werden die Anforderungen immer h\u00f6her. Ein Anbindestall gilt unter Tierwohlaspekten als Auslaufmodell.\"\/><\/figure>\n","protected":false},"excerpt":{"rendered":"<p>Feuerwehr-Neubau Gernsheim wird um Rettungsstation erweitert Glasfaserausbau in Gernsheim soll im Fr\u00fchjahr 2026 starten Gernsheim: Der Sportpark soll ein neues Gesicht erhalten Gernsheim: Haushalt 2026, Fluxum und Rettungswache Zwei digitale&#8230; <\/p>\n","protected":false},"author":4,"featured_media":0,"parent":0,"menu_order":50,"comment_status":"closed","ping_status":"closed","template":"","meta":{"footnotes":""},"class_list":["post-51","page","type-page","status-publish","hentry"],"_links":{"self":[{"href":"https:\/\/gruene-gernsheim.de\/index.php?rest_route=\/wp\/v2\/pages\/51","targetHints":{"allow":["GET"]}}],"collection":[{"href":"https:\/\/gruene-gernsheim.de\/index.php?rest_route=\/wp\/v2\/pages"}],"about":[{"href":"https:\/\/gruene-gernsheim.de\/index.php?rest_route=\/wp\/v2\/types\/page"}],"author":[{"embeddable":true,"href":"https:\/\/gruene-gernsheim.de\/index.php?rest_route=\/wp\/v2\/users\/4"}],"replies":[{"embeddable":true,"href":"https:\/\/gruene-gernsheim.de\/index.php?rest_route=%2Fwp%2Fv2%2Fcomments&post=51"}],"version-history":[{"count":17,"href":"https:\/\/gruene-gernsheim.de\/index.php?rest_route=\/wp\/v2\/pages\/51\/revisions"}],"predecessor-version":[{"id":271,"href":"https:\/\/gruene-gernsheim.de\/index.php?rest_route=\/wp\/v2\/pages\/51\/revisions\/271"}],"wp:attachment":[{"href":"https:\/\/gruene-gernsheim.de\/index.php?rest_route=%2Fwp%2Fv2%2Fmedia&parent=51"}],"curies":[{"name":"wp","href":"https:\/\/api.w.org\/{rel}","templated":true}]}}